{"id":23633,"date":"2019-10-28T16:29:05","date_gmt":"2019-10-28T16:29:05","guid":{"rendered":"https:\/\/rdo-olr.org\/podcasts\/episode-5-regarder-laffaire-de-la-cour-supreme-avec-kyle-kirkup-et-vanessa-macdonnell\/"},"modified":"2024-04-04T21:08:42","modified_gmt":"2024-04-04T21:08:42","slug":"episode-5-regarder-laffaire-de-la-cour-supreme-avec-kyle-kirkup-et-vanessa-macdonnell","status":"publish","type":"podcasts","link":"https:\/\/rdo-olr.org\/fr\/podcasts\/episode-5-regarder-laffaire-de-la-cour-supreme-avec-kyle-kirkup-et-vanessa-macdonnell\/","title":{"rendered":"\u00c9pisode 5: \u00c9tude de cas de la Cour supr\u00eame avec Kyle Kirkup et Vanessa Macdonnell"},"content":{"rendered":"\t\t<div data-elementor-type=\"wp-post\" data-elementor-id=\"23633\" class=\"elementor elementor-23633 elementor-1003\" data-elementor-post-type=\"podcasts\">\n\t\t\t\t\t\t<section class=\"elementor-section elementor-top-section elementor-element elementor-element-f843376 pt-80 pb-100 single-podcast elementor-section-boxed elementor-section-height-default elementor-section-height-default\" data-id=\"f843376\" data-element_type=\"section\" data-e-type=\"section\">\n\t\t\t\t\t\t<div class=\"elementor-container elementor-column-gap-default\">\n\t\t\t\t\t<div class=\"elementor-column elementor-col-100 elementor-top-column elementor-element elementor-element-ce5ea86\" data-id=\"ce5ea86\" data-element_type=\"column\" data-e-type=\"column\">\n\t\t\t<div class=\"elementor-widget-wrap elementor-element-populated\">\n\t\t\t\t\t\t<section class=\"elementor-section elementor-inner-section elementor-element elementor-element-396d828 elementor-section-boxed elementor-section-height-default elementor-section-height-default\" data-id=\"396d828\" data-element_type=\"section\" data-e-type=\"section\">\n\t\t\t\t\t\t<div class=\"elementor-container elementor-column-gap-default\">\n\t\t\t\t\t<div class=\"elementor-column elementor-col-100 elementor-inner-column elementor-element elementor-element-dbe66ce\" data-id=\"dbe66ce\" data-element_type=\"column\" data-e-type=\"column\">\n\t\t\t<div class=\"elementor-widget-wrap elementor-element-populated\">\n\t\t\t\t\t\t<div class=\"elementor-element elementor-element-507bf49 elementor-widget elementor-widget-heading\" data-id=\"507bf49\" data-element_type=\"widget\" data-e-type=\"widget\" data-widget_type=\"heading.default\">\n\t\t\t\t<div class=\"elementor-widget-container\">\n\t\t\t\t\t<h4 class=\"elementor-heading-title elementor-size-default\">BALADO \/ \u00c9PISODE 5<\/h4>\t\t\t\t<\/div>\n\t\t\t\t<\/div>\n\t\t\t\t<div class=\"elementor-element elementor-element-dcb3c5b pt-30 elementor-widget elementor-widget-heading\" data-id=\"dcb3c5b\" data-element_type=\"widget\" data-e-type=\"widget\" data-widget_type=\"heading.default\">\n\t\t\t\t<div class=\"elementor-widget-container\">\n\t\t\t\t\t<h2 class=\"elementor-heading-title elementor-size-default\">Montre de cas de la Cour supr\u00eame avec Kyle Kirkup et Vanessa Macdonnell<\/h2>\t\t\t\t<\/div>\n\t\t\t\t<\/div>\n\t\t\t\t\t<\/div>\n\t\t<\/div>\n\t\t\t\t\t<\/div>\n\t\t<\/section>\n\t\t\t\t<section class=\"elementor-section elementor-inner-section elementor-element elementor-element-5d06dd3 pt-50 podcast-content elementor-section-boxed elementor-section-height-default elementor-section-height-default\" data-id=\"5d06dd3\" data-element_type=\"section\" data-e-type=\"section\">\n\t\t\t\t\t\t<div class=\"elementor-container elementor-column-gap-default\">\n\t\t\t\t\t<div class=\"elementor-column elementor-col-50 elementor-inner-column elementor-element elementor-element-0ff8d8e pr-20\" data-id=\"0ff8d8e\" data-element_type=\"column\" data-e-type=\"column\">\n\t\t\t<div class=\"elementor-widget-wrap elementor-element-populated\">\n\t\t\t\t\t\t<div class=\"elementor-element elementor-element-8f9156c elementor-widget elementor-widget-heading\" data-id=\"8f9156c\" data-element_type=\"widget\" data-e-type=\"widget\" data-widget_type=\"heading.default\">\n\t\t\t\t<div class=\"elementor-widget-container\">\n\t\t\t\t\t<h4 class=\"elementor-heading-title elementor-size-default\">Anglais<\/h4>\t\t\t\t<\/div>\n\t\t\t\t<\/div>\n\t\t\t\t<div class=\"elementor-element elementor-element-3eff866 pt-20 elementor-widget elementor-widget-text-editor\" data-id=\"3eff866\" data-element_type=\"widget\" data-e-type=\"widget\" data-widget_type=\"text-editor.default\">\n\t\t\t\t<div class=\"elementor-widget-container\">\n\t\t\t\t\t\t\t\t\t<p>Dans cet \u00e9pisode, un nouveau logo, un th\u00e8me musical et une discussion rigoureuse de cinq affaires \u00e0 surveiller cet automne \u00e0 la Cour supr\u00eame du Canada.<\/p>\n<p>Les professeurs Kyle Kirkup et Vanessa MacDonnell se joignent \u00e0 nous pour discuter de certaines des questions juridiques soulev\u00e9es lors du r\u00e9cent panel d&rsquo;automne de la Cour supr\u00eame du Canada organis\u00e9 par le Centre de droit public de l&rsquo;Universit\u00e9 d&rsquo;Ottawa.<\/p>\n<p>Avec:<\/p>\n<ul>\n<li>Darius Boss\u00e9 (Juristes Power) \u2013 Audiences de Winnipeg\n<ul>\n<li>Conseil scolaire francophone de la Colombie-<\/li>\n<li>Britannique c. Colombie-Britannique<\/li>\n<li>R. v. K.G.K.<\/li>\n<\/ul>\n<\/li>\n<li>Marina Pavlovi\u0107 \u2013 Uber Technologies Inc., et al. contre David Heller<\/li>\n<li>Martha Jackman-Joanne Fraser, et al. c. Procureur g\u00e9n\u00e9ral du Canada<\/li>\n<li>Y.Y. Chen \u2013 Canadian Coalition for Genetic Fairness v. Attorney General of Quebec, et al.<\/li>\n<li>Nathalie Chalifour \u2013 Procureur g\u00e9n\u00e9ral de la Saskatchewan c. Procureur g\u00e9n\u00e9ral du Canada (\u00ab Renvoi sur la taxe sur le carbone \u00bb)<\/li>\n<\/ul>\n\t\t\t\t\t\t\t\t<\/div>\n\t\t\t\t<\/div>\n\t\t\t\t<div class=\"elementor-element elementor-element-f666ef4 pt-20 elementor-widget elementor-widget-text-editor\" data-id=\"f666ef4\" data-element_type=\"widget\" data-e-type=\"widget\" data-widget_type=\"text-editor.default\">\n\t\t\t\t<div class=\"elementor-widget-container\">\n\t\t\t\t\t\t\t\t\t<p>Les transcriptions en anglais de cet \u00e9pisode seront bient\u00f4t t\u00e9l\u00e9charg\u00e9es.<\/p>\n\t\t\t\t\t\t\t\t<\/div>\n\t\t\t\t<\/div>\n\t\t\t\t\t<\/div>\n\t\t<\/div>\n\t\t\t\t<div class=\"elementor-column elementor-col-50 elementor-inner-column elementor-element elementor-element-3b29b37 pl-30\" data-id=\"3b29b37\" data-element_type=\"column\" data-e-type=\"column\">\n\t\t\t<div class=\"elementor-widget-wrap elementor-element-populated\">\n\t\t\t\t\t\t<div class=\"elementor-element elementor-element-c5fe227 elementor-widget elementor-widget-heading\" data-id=\"c5fe227\" data-element_type=\"widget\" data-e-type=\"widget\" data-widget_type=\"heading.default\">\n\t\t\t\t<div class=\"elementor-widget-container\">\n\t\t\t\t\t<h4 class=\"elementor-heading-title elementor-size-default\">FRAN\u00c7AIS<\/h4>\t\t\t\t<\/div>\n\t\t\t\t<\/div>\n\t\t\t\t<div class=\"elementor-element elementor-element-bb78708 pt-20 elementor-widget elementor-widget-text-editor\" data-id=\"bb78708\" data-element_type=\"widget\" data-e-type=\"widget\" data-widget_type=\"text-editor.default\">\n\t\t\t\t<div class=\"elementor-widget-container\">\n\t\t\t\t\t\t\t\t\tDans cet \u00e9pisode, un nouveau logo, th\u00e8me musical et une discussion rigoureuse de 5 causes \u00e0 suivre cet automne au Cour supr\u00eame du Canada.\n<br><\/br>\nProfesseur Kyle Kirkup et Professeure Vanessa MacDonnell nous joignent pour discuter des enjeux juridiques soulev\u00e9s au cours de l&rsquo;\u00e9v\u00e9nement organis\u00e9 par le Centre de droit public sur les causes entendues par la Cour supr\u00eame du Canada cet automne.\n<br><\/br>\nAvec:\n<ul>\n \t<li>Darius Boss\u00e9 (Juristes Power) \u2013 Appels \u00e0 Winnipeg\n<ul>\n \t<li><em>Conseil scolaire francophone de la Colombie-Britannique c. Colombie-Britannique<\/em><\/li>\n \t<li><em>R. v. K.G.K.<\/em><\/li>\n<\/ul>\n<\/li>\n \t<li>Marina Pavlovi\u0107 \u2013 <em>Uber Technologies Inc., et al. c. David Heller<\/em><\/li>\n \t<li>Martha Jackman \u2013 <em>Joanne Fraser, et al. c. Procureur g\u00e9n\u00e9ral du Canada<\/em><\/li>\n \t<li>Y.Y. Chen \u2013 <em>Coalition canadienne pour l\u2019\u00e9quit\u00e9 g\u00e9netique c. Procureure g\u00e9n\u00e9rale du Qu\u00e9bec, et al.<\/em><\/li>\n \t<li>Nathalie Chalifour \u2013 <em>Procureur g\u00e9n\u00e9ral de la Saskatchewan c. Procureur g\u00e9n\u00e9ral du Canada<\/em> (\u00ab R\u00e9f\u00e9rence constitutionelle sur le prix carbone \u00bb)<\/li>\n<\/ul>\nLes transcriptions en anglais et en fran\u00e7ais de l\u2019\u00e9pisode seront bient\u00f4t t\u00e9l\u00e9charg\u00e9es.\t\t\t\t\t\t\t\t<\/div>\n\t\t\t\t<\/div>\n\t\t\t\t<div class=\"elementor-element elementor-element-f7b1837 pt-20 elementor-widget elementor-widget-text-editor\" data-id=\"f7b1837\" data-element_type=\"widget\" data-e-type=\"widget\" data-widget_type=\"text-editor.default\">\n\t\t\t\t<div class=\"elementor-widget-container\">\n\t\t\t\t\t\t\t\t\t<p>Les transcriptions en fran\u00e7ais de l\u2019\u00e9pisode seront bient\u00f4t t\u00e9l\u00e9charg\u00e9es.<\/p>\n\t\t\t\t\t\t\t\t<\/div>\n\t\t\t\t<\/div>\n\t\t\t\t\t<\/div>\n\t\t<\/div>\n\t\t\t\t\t<\/div>\n\t\t<\/section>\n\t\t\t\t<section class=\"elementor-section elementor-inner-section elementor-element elementor-element-aa549b3 pt-30 icon-box-icon pod-single-icons elementor-section-boxed elementor-section-height-default elementor-section-height-default\" data-id=\"aa549b3\" data-element_type=\"section\" data-e-type=\"section\">\n\t\t\t\t\t\t<div class=\"elementor-container elementor-column-gap-default\">\n\t\t\t\t\t<div class=\"elementor-column elementor-col-50 elementor-inner-column elementor-element elementor-element-4ee3001\" data-id=\"4ee3001\" data-element_type=\"column\" data-e-type=\"column\">\n\t\t\t<div class=\"elementor-widget-wrap elementor-element-populated\">\n\t\t\t\t\t\t<div class=\"elementor-element elementor-element-d62bd26 elementor-view-default elementor-position-block-start elementor-mobile-position-block-start elementor-widget elementor-widget-icon-box\" data-id=\"d62bd26\" data-element_type=\"widget\" data-e-type=\"widget\" data-widget_type=\"icon-box.default\">\n\t\t\t\t<div class=\"elementor-widget-container\">\n\t\t\t\t\t\t\t<div class=\"elementor-icon-box-wrapper\">\n\n\t\t\t\t\t\t<div class=\"elementor-icon-box-icon\">\n\t\t\t\t<a href=\"https:\/\/open.spotify.com\/episode\/6dLxCP4pZMMv8heO4v61gw\" target=\"_blank\" class=\"elementor-icon\" tabindex=\"-1\">\n\t\t\t\t<i aria-hidden=\"true\" class=\"fab fa-spotify\"><\/i>\t\t\t\t<\/a>\n\t\t\t<\/div>\n\t\t\t\n\t\t\t\t\t\t<div class=\"elementor-icon-box-content\">\n\n\t\t\t\t\n\t\t\t\t\t\t\t\t\t<p class=\"elementor-icon-box-description\">\n\t\t\t\t\t\tSpotify\t\t\t\t\t<\/p>\n\t\t\t\t\n\t\t\t<\/div>\n\t\t\t\n\t\t<\/div>\n\t\t\t\t\t\t<\/div>\n\t\t\t\t<\/div>\n\t\t\t\t\t<\/div>\n\t\t<\/div>\n\t\t\t\t<div class=\"elementor-column elementor-col-50 elementor-inner-column elementor-element elementor-element-ae2e126\" data-id=\"ae2e126\" data-element_type=\"column\" data-e-type=\"column\">\n\t\t\t<div class=\"elementor-widget-wrap elementor-element-populated\">\n\t\t\t\t\t\t<div class=\"elementor-element elementor-element-dcf0c14 elementor-view-default elementor-position-block-start elementor-mobile-position-block-start elementor-widget elementor-widget-icon-box\" data-id=\"dcf0c14\" data-element_type=\"widget\" data-e-type=\"widget\" data-widget_type=\"icon-box.default\">\n\t\t\t\t<div class=\"elementor-widget-container\">\n\t\t\t\t\t\t\t<div class=\"elementor-icon-box-wrapper\">\n\n\t\t\t\t\t\t<div class=\"elementor-icon-box-icon\">\n\t\t\t\t<a href=\"https:\/\/podcasts.apple.com\/ca\/podcast\/episode-5-supreme-court-case-watch-with-kyle-kirkup\/id1484989719?i=1000455346416\" target=\"_blank\" class=\"elementor-icon\" tabindex=\"-1\">\n\t\t\t\t<i aria-hidden=\"true\" class=\"fas fa-music\"><\/i>\t\t\t\t<\/a>\n\t\t\t<\/div>\n\t\t\t\n\t\t\t\t\t\t<div class=\"elementor-icon-box-content\">\n\n\t\t\t\t\n\t\t\t\t\t\t\t\t\t<p class=\"elementor-icon-box-description\">\n\t\t\t\t\t\tApple Music\t\t\t\t\t<\/p>\n\t\t\t\t\n\t\t\t<\/div>\n\t\t\t\n\t\t<\/div>\n\t\t\t\t\t\t<\/div>\n\t\t\t\t<\/div>\n\t\t\t\t\t<\/div>\n\t\t<\/div>\n\t\t\t\t\t<\/div>\n\t\t<\/section>\n\t\t\t\t<section class=\"elementor-section elementor-inner-section elementor-element elementor-element-a4de482 pt-30 icon-box-icon elementor-section-boxed elementor-section-height-default elementor-section-height-default\" data-id=\"a4de482\" data-element_type=\"section\" data-e-type=\"section\">\n\t\t\t\t\t\t<div class=\"elementor-container elementor-column-gap-default\">\n\t\t\t\t\t<div class=\"elementor-column elementor-col-100 elementor-inner-column elementor-element elementor-element-ad48f06\" data-id=\"ad48f06\" data-element_type=\"column\" data-e-type=\"column\">\n\t\t\t<div class=\"elementor-widget-wrap elementor-element-populated\">\n\t\t\t\t\t\t<div class=\"elementor-element elementor-element-fa3605d width-271 elementor-widget elementor-widget-button\" data-id=\"fa3605d\" data-element_type=\"widget\" data-e-type=\"widget\" data-widget_type=\"button.default\">\n\t\t\t\t<div class=\"elementor-widget-container\">\n\t\t\t\t\t\t\t\t\t<div class=\"elementor-button-wrapper\">\n\t\t\t\t\t<a class=\"elementor-button elementor-button-link elementor-size-sm\" href=\"\/fr\/balado\/\">\n\t\t\t\t\t\t<span class=\"elementor-button-content-wrapper\">\n\t\t\t\t\t\t<span class=\"elementor-button-icon\">\n\t\t\t\t<i aria-hidden=\"true\" class=\"fas fa-arrow-left\"><\/i>\t\t\t<\/span>\n\t\t\t\t\t\t\t\t\t<span class=\"elementor-button-text\">TOUT LES \u00c9PISODES<\/span>\n\t\t\t\t\t<\/span>\n\t\t\t\t\t<\/a>\n\t\t\t\t<\/div>\n\t\t\t\t\t\t\t\t<\/div>\n\t\t\t\t<\/div>\n\t\t\t\t\t<\/div>\n\t\t<\/div>\n\t\t\t\t\t<\/div>\n\t\t<\/section>\n\t\t\t\t\t<\/div>\n\t\t<\/div>\n\t\t\t\t\t<\/div>\n\t\t<\/section>\n\t\t\t\t<\/div>\n\t\t","protected":false},"excerpt":{"rendered":"<div class='heateorSssClear'><\/div><div  class='heateor_sss_sharing_container heateor_sss_horizontal_sharing' data-heateor-sss-href='https:\/\/rdo-olr.org\/fr\/podcasts\/episode-5-regarder-laffaire-de-la-cour-supreme-avec-kyle-kirkup-et-vanessa-macdonnell\/'><div class='heateor_sss_sharing_title' style=\"font-weight:bold\" >Partager cet Article<\/div><div class=\"heateor_sss_sharing_ul\"><a aria-label=\"Facebook\" class=\"heateor_sss_facebook\" href=\"https:\/\/www.facebook.com\/sharer\/sharer.php?u=https%3A%2F%2Frdo-olr.org%2Ffr%2Fpodcasts%2Fepisode-5-regarder-laffaire-de-la-cour-supreme-avec-kyle-kirkup-et-vanessa-macdonnell%2F\" title=\"Facebook\" rel=\"nofollow noopener\" target=\"_blank\" style=\"font-size:32px!important;box-shadow:none;display:inline-block;vertical-align:middle\"><span class=\"heateor_sss_svg\" style=\"background-color:#0765FE;width:25px;height:25px;border-radius:999px;display:inline-block;opacity:1;float:left;font-size:32px;box-shadow:none;display:inline-block;font-size:16px;padding:0 4px;vertical-align:middle;background-repeat:repeat;overflow:hidden;padding:0;cursor:pointer;box-sizing:content-box\"><svg style=\"display:block;border-radius:999px;\" focusable=\"false\" aria-hidden=\"true\" xmlns=\"http:\/\/www.w3.org\/2000\/svg\" width=\"100%\" height=\"100%\" viewBox=\"0 0 32 32\"><path fill=\"#000\" d=\"M28 16c0-6.627-5.373-12-12-12S4 9.373 4 16c0 5.628 3.875 10.35 9.101 11.647v-7.98h-2.474V16H13.1v-1.58c0-4.085 1.849-5.978 5.859-5.978.76 0 2.072.15 2.608.298v3.325c-.283-.03-.775-.045-1.386-.045-1.967 0-2.728.745-2.728 2.683V16h3.92l-.673 3.667h-3.247v8.245C23.395 27.195 28 22.135 28 16Z\"><\/path><\/svg><\/span><\/a><a aria-label=\"Email\" class=\"heateor_sss_email\" href=\"https:\/\/rdo-olr.org\/fr\/podcasts\/episode-5-regarder-laffaire-de-la-cour-supreme-avec-kyle-kirkup-et-vanessa-macdonnell\/\" onclick=\"event.preventDefault();window.open('mailto:?subject=' + decodeURIComponent('%C3%89pisode%205%3A%20%C3%89tude%20de%20cas%20de%20la%20Cour%20supr%C3%AAme%20avec%20Kyle%20Kirkup%20et%20Vanessa%20Macdonnell').replace('&', '%26') + '&body=https%3A%2F%2Frdo-olr.org%2Ffr%2Fpodcasts%2Fepisode-5-regarder-laffaire-de-la-cour-supreme-avec-kyle-kirkup-et-vanessa-macdonnell%2F', '_blank')\" title=\"Email\" rel=\"noopener\" style=\"font-size:32px!important;box-shadow:none;display:inline-block;vertical-align:middle\"><span class=\"heateor_sss_svg\" style=\"background-color:#649a3f;width:25px;height:25px;border-radius:999px;display:inline-block;opacity:1;float:left;font-size:32px;box-shadow:none;display:inline-block;font-size:16px;padding:0 4px;vertical-align:middle;background-repeat:repeat;overflow:hidden;padding:0;cursor:pointer;box-sizing:content-box\"><svg style=\"display:block;border-radius:999px;\" focusable=\"false\" aria-hidden=\"true\" xmlns=\"http:\/\/www.w3.org\/2000\/svg\" width=\"100%\" height=\"100%\" viewBox=\"-.75 -.5 36 36\"><path d=\"M 5.5 11 h 23 v 1 l -11 6 l -11 -6 v -1 m 0 2 l 11 6 l 11 -6 v 11 h -22 v -11\" stroke-width=\"1\" fill=\"#000\"><\/path><\/svg><\/span><\/a><a aria-label=\"Linkedin\" class=\"heateor_sss_button_linkedin\" href=\"https:\/\/www.linkedin.com\/sharing\/share-offsite\/?url=https%3A%2F%2Frdo-olr.org%2Ffr%2Fpodcasts%2Fepisode-5-regarder-laffaire-de-la-cour-supreme-avec-kyle-kirkup-et-vanessa-macdonnell%2F\" title=\"Linkedin\" rel=\"nofollow noopener\" target=\"_blank\" style=\"font-size:32px!important;box-shadow:none;display:inline-block;vertical-align:middle\"><span class=\"heateor_sss_svg heateor_sss_s__default heateor_sss_s_linkedin\" style=\"background-color:#0077b5;width:25px;height:25px;border-radius:999px;display:inline-block;opacity:1;float:left;font-size:32px;box-shadow:none;display:inline-block;font-size:16px;padding:0 4px;vertical-align:middle;background-repeat:repeat;overflow:hidden;padding:0;cursor:pointer;box-sizing:content-box\"><svg style=\"display:block;border-radius:999px;\" focusable=\"false\" aria-hidden=\"true\" xmlns=\"http:\/\/www.w3.org\/2000\/svg\" width=\"100%\" height=\"100%\" viewBox=\"0 0 32 32\"><path d=\"M6.227 12.61h4.19v13.48h-4.19V12.61zm2.095-6.7a2.43 2.43 0 0 1 0 4.86c-1.344 0-2.428-1.09-2.428-2.43s1.084-2.43 2.428-2.43m4.72 6.7h4.02v1.84h.058c.56-1.058 1.927-2.176 3.965-2.176 4.238 0 5.02 2.792 5.02 6.42v7.395h-4.183v-6.56c0-1.564-.03-3.574-2.178-3.574-2.18 0-2.514 1.7-2.514 3.46v6.668h-4.187V12.61z\" fill=\"#000\"><\/path><\/svg><\/span><\/a><a aria-label=\"Instagram\" class=\"heateor_sss_button_instagram\" href=\"https:\/\/www.instagram.com\/@ottawalawreview\" title=\"Instagram\" rel=\"nofollow noopener\" target=\"_blank\" style=\"font-size:32px!important;box-shadow:none;display:inline-block;vertical-align:middle\"><span class=\"heateor_sss_svg\" style=\"background-color:#53beee;width:25px;height:25px;border-radius:999px;display:inline-block;opacity:1;float:left;font-size:32px;box-shadow:none;display:inline-block;font-size:16px;padding:0 4px;vertical-align:middle;background-repeat:repeat;overflow:hidden;padding:0;cursor:pointer;box-sizing:content-box\"><svg style=\"display:block;border-radius:999px;\" version=\"1.1\" viewBox=\"-10 -10 148 148\" width=\"100%\" height=\"100%\" xml:space=\"preserve\" xmlns=\"http:\/\/www.w3.org\/2000\/svg\" xmlns:xlink=\"http:\/\/www.w3.org\/1999\/xlink\"><g><g><path d=\"M86,112H42c-14.336,0-26-11.663-26-26V42c0-14.337,11.664-26,26-26h44c14.337,0,26,11.663,26,26v44 C112,100.337,100.337,112,86,112z M42,24c-9.925,0-18,8.074-18,18v44c0,9.925,8.075,18,18,18h44c9.926,0,18-8.075,18-18V42 c0-9.926-8.074-18-18-18H42z\" fill=\"#000\"><\/path><\/g><g><path d=\"M64,88c-13.234,0-24-10.767-24-24c0-13.234,10.766-24,24-24s24,10.766,24,24C88,77.233,77.234,88,64,88z M64,48c-8.822,0-16,7.178-16,16s7.178,16,16,16c8.822,0,16-7.178,16-16S72.822,48,64,48z\" fill=\"#000\"><\/path><\/g><g><circle cx=\"89.5\" cy=\"38.5\" fill=\"#000\" r=\"5.5\"><\/circle><\/g><\/g><\/svg><\/span><\/a><a aria-label=\"Bluesky\" class=\"heateor_sss_button_bluesky\" href=\"https:\/\/bsky.app\/intent\/compose?text=%C3%89pisode%205%3A%20%C3%89tude%20de%20cas%20de%20la%20Cour%20supr%C3%AAme%20avec%20Kyle%20Kirkup%20et%20Vanessa%20Macdonnell%20https%3A%2F%2Frdo-olr.org%2Ffr%2Fpodcasts%2Fepisode-5-regarder-laffaire-de-la-cour-supreme-avec-kyle-kirkup-et-vanessa-macdonnell%2F\" title=\"Bluesky\" rel=\"nofollow noopener\" target=\"_blank\" style=\"font-size:32px!important;box-shadow:none;display:inline-block;vertical-align:middle\"><span class=\"heateor_sss_svg heateor_sss_s__default heateor_sss_s_bluesky\" style=\"background-color:#0085ff;width:25px;height:25px;border-radius:999px;display:inline-block;opacity:1;float:left;font-size:32px;box-shadow:none;display:inline-block;font-size:16px;padding:0 4px;vertical-align:middle;background-repeat:repeat;overflow:hidden;padding:0;cursor:pointer;box-sizing:content-box\"><svg width=\"100%\" height=\"100%\" style=\"display:block;border-radius:999px;\" focusable=\"false\" aria-hidden=\"true\" viewBox=\"-3 -3 38 38\" xmlns=\"http:\/\/www.w3.org\/2000\/svg\"><path d=\"M16 14.903c-.996-1.928-3.709-5.521-6.231-7.293C7.353 5.912 6.43 6.206 5.827 6.478 5.127 6.793 5 7.861 5 8.49s.346 5.155.572 5.91c.747 2.496 3.404 3.34 5.851 3.07.125-.02.252-.036.38-.052-.126.02-.253.037-.38.051-3.586.529-6.771 1.83-2.594 6.457 4.595 4.735 6.297-1.015 7.171-3.93.874 2.915 1.88 8.458 7.089 3.93 3.911-3.93 1.074-5.928-2.512-6.457a8.122 8.122 0 0 1-.38-.051c.128.016.255.033.38.051 2.447.271 5.104-.573 5.85-3.069.227-.755.573-5.281.573-5.91 0-.629-.127-1.697-.827-2.012-.604-.271-1.526-.566-3.942 1.132-2.522 1.772-5.235 5.365-6.231 7.293Z\" fill=\"#000\"\/><\/svg><\/span><\/a><\/div><div class=\"heateorSssClear\"><\/div><\/div><div class='heateorSssClear'><\/div>excerpt","protected":false},"author":1,"featured_media":19583,"menu_order":3,"comment_status":"open","ping_status":"open","template":"","format":"standard","meta":{"_acf_changed":false,"inline_featured_image":false,"episode_type":"audio","audio_file":"https:\/\/rdo-olr.org\/wp-content\/uploads\/2023\/10\/RDO-OLR-Podcast-Episode-5.mp3","transcript_file":"","podmotor_file_id":"","podmotor_episode_id":"","cover_image":"","cover_image_id":"","duration":"35:34","filesize":"81.42M","filesize_raw":"85378687","date_recorded":"2019-10-28 16:29:05","explicit":"","block":"","footnotes":""},"taxa_podcast":[641],"series":[1799,1825],"coauthors":[643],"class_list":["post-23633","podcasts","type-podcasts","status-publish","format-standard","has-post-thumbnail","hentry","taxa_podcast-episode-5-fr","series-ottawa-law-review-podcast","series-ottawa-law-review-podcast-fr"],"acf":[],"a3_pvc":{"activated":false,"total_views":0,"today_views":0},"episode_featured_image":"https:\/\/rdo-olr.org\/wp-content\/uploads\/2022\/08\/podcast-b.png","episode_player_image":"https:\/\/rdo-olr.org\/wp-content\/uploads\/2024\/03\/Podcast-Logo-Final.png","download_link":"https:\/\/rdo-olr.org\/fr\/podcast-download\/23633\/episode-5-regarder-laffaire-de-la-cour-supreme-avec-kyle-kirkup-et-vanessa-macdonnell.mp3","player_link":"https:\/\/rdo-olr.org\/fr\/podcast-player\/23633\/episode-5-regarder-laffaire-de-la-cour-supreme-avec-kyle-kirkup-et-vanessa-macdonnell.mp3","audio_player":null,"episode_data":{"playerMode":"dark","subscribeUrls":{"apple_podcasts":{"key":"apple_podcasts","url":"https:\/\/podcasts.apple.com\/ca\/podcast\/rdo-olr\/id1484989719","label":"Apple Podcasts","class":"apple_podcasts","icon":"apple-podcasts.png"},"spotify":{"key":"spotify","url":"https:\/\/open.spotify.com\/show\/1Tr7AiQhPLPCdqhWtn97Vz?si=tti4orE4Q_6o6EnVLgBbkA","label":"Spotify","class":"spotify","icon":"spotify.png"},"stitcher":{"key":"stitcher","url":"","label":"Stitcher","class":"stitcher","icon":"stitcher.png"}},"rssFeedUrl":"https:\/\/rdo-olr.org\/fr\/feed\/podcast\/ottawa-law-review-podcast","embedCode":"<blockquote class=\"wp-embedded-content\" data-secret=\"5pjFI5zK2u\"><a href=\"https:\/\/rdo-olr.org\/fr\/podcasts\/episode-5-regarder-laffaire-de-la-cour-supreme-avec-kyle-kirkup-et-vanessa-macdonnell\/\">\u00c9pisode 5: \u00c9tude de cas de la Cour supr\u00eame avec Kyle Kirkup et Vanessa Macdonnell<\/a><\/blockquote><iframe sandbox=\"allow-scripts\" security=\"restricted\" src=\"https:\/\/rdo-olr.org\/fr\/podcasts\/episode-5-regarder-laffaire-de-la-cour-supreme-avec-kyle-kirkup-et-vanessa-macdonnell\/embed\/#?secret=5pjFI5zK2u\" width=\"500\" height=\"350\" title=\"\u00ab\u00a0\u00c9pisode 5: \u00c9tude de cas de la Cour supr\u00eame avec Kyle Kirkup et Vanessa Macdonnell\u00a0\u00bb &#8212; Ottawa Law Review\" data-secret=\"5pjFI5zK2u\" frameborder=\"0\" marginwidth=\"0\" marginheight=\"0\" scrolling=\"no\" class=\"wp-embedded-content\"><\/iframe><script type=\"text\/javascript\">\n\/* <![CDATA[ *\/\n\/*! This file is auto-generated *\/\n!function(d,l){\"use strict\";l.querySelector&&d.addEventListener&&\"undefined\"!=typeof URL&&(d.wp=d.wp||{},d.wp.receiveEmbedMessage||(d.wp.receiveEmbedMessage=function(e){var t=e.data;if((t||t.secret||t.message||t.value)&&!\/[^a-zA-Z0-9]\/.test(t.secret)){for(var s,r,n,a=l.querySelectorAll('iframe[data-secret=\"'+t.secret+'\"]'),o=l.querySelectorAll('blockquote[data-secret=\"'+t.secret+'\"]'),c=new RegExp(\"^https?:$\",\"i\"),i=0;i<o.length;i++)o[i].style.display=\"none\";for(i=0;i<a.length;i++)s=a[i],e.source===s.contentWindow&&(s.removeAttribute(\"style\"),\"height\"===t.message?(1e3<(r=parseInt(t.value,10))?r=1e3:~~r<200&&(r=200),s.height=r):\"link\"===t.message&&(r=new URL(s.getAttribute(\"src\")),n=new URL(t.value),c.test(n.protocol))&&n.host===r.host&&l.activeElement===s&&(d.top.location.href=t.value))}},d.addEventListener(\"message\",d.wp.receiveEmbedMessage,!1),l.addEventListener(\"DOMContentLoaded\",function(){for(var e,t,s=l.querySelectorAll(\"iframe.wp-embedded-content\"),r=0;r<s.length;r++)(t=(e=s[r]).getAttribute(\"data-secret\"))||(t=Math.random().toString(36).substring(2,12),e.src+=\"#?secret=\"+t,e.setAttribute(\"data-secret\",t)),e.contentWindow.postMessage({message:\"ready\",secret:t},\"*\")},!1)))}(window,document);\n\/\/# sourceURL=https:\/\/rdo-olr.org\/wp-includes\/js\/wp-embed.min.js\n\/* ]]> *\/\n<\/script>\n"},"yoast_head":"<!-- This site is optimized with the Yoast SEO plugin v27.5 - https:\/\/yoast.com\/product\/yoast-seo-wordpress\/ -->\n<title>\u00c9pisode 5: \u00c9tude de cas de la Cour supr\u00eame avec Kyle Kirkup et Vanessa Macdonnell - Ottawa Law Review<\/title>\n<meta name=\"robots\" content=\"index, follow, max-snippet:-1, max-image-preview:large, max-video-preview:-1\" \/>\n<link rel=\"canonical\" href=\"https:\/\/rdo-olr.org\/fr\/podcasts\/episode-5-regarder-laffaire-de-la-cour-supreme-avec-kyle-kirkup-et-vanessa-macdonnell\/\" \/>\n<meta property=\"og:locale\" content=\"fr_FR\" \/>\n<meta property=\"og:type\" content=\"article\" \/>\n<meta property=\"og:title\" content=\"\u00c9pisode 5: \u00c9tude de cas de la Cour supr\u00eame avec Kyle Kirkup et Vanessa Macdonnell - Ottawa Law Review\" \/>\n<meta property=\"og:description\" content=\"Dans cet \u00e9pisode, un nouveau logo, th\u00e8me musical et une discussion rigoureuse de 5 causes \u00e0 suivre cet automne au Cour supr\u00eame du Canada.  Professeur Kyle Kirkup et Professeure Vanessa MacDonnell nous joignent pour discuter des enjeux juridiques soulev\u00e9s au cours de l\u2019\u00e9v\u00e9nement organis\u00e9 par le Centre de droit public sur les causes entendues par la Cour supr\u00eame du Canada cet automne.\" \/>\n<meta property=\"og:url\" content=\"https:\/\/rdo-olr.org\/fr\/podcasts\/episode-5-regarder-laffaire-de-la-cour-supreme-avec-kyle-kirkup-et-vanessa-macdonnell\/\" \/>\n<meta property=\"og:site_name\" content=\"Ottawa Law Review\" \/>\n<meta property=\"article:modified_time\" content=\"2024-04-04T21:08:42+00:00\" \/>\n<meta property=\"og:image\" content=\"https:\/\/rdo-olr.org\/wp-content\/uploads\/2022\/08\/podcast-b.png\" \/>\n\t<meta property=\"og:image:width\" content=\"403\" \/>\n\t<meta property=\"og:image:height\" content=\"102\" \/>\n\t<meta property=\"og:image:type\" content=\"image\/png\" \/>\n<meta name=\"twitter:card\" content=\"summary_large_image\" \/>\n<meta name=\"twitter:label1\" content=\"Dur\u00e9e de lecture estim\u00e9e\" \/>\n\t<meta name=\"twitter:data1\" content=\"2 minutes\" \/>\n\t<meta name=\"twitter:label2\" content=\"Written by\" \/>\n\t<meta name=\"twitter:data2\" content=\"Ottawa Law Review\" \/>\n<script type=\"application\/ld+json\" class=\"yoast-schema-graph\">{\"@context\":\"https:\\\/\\\/schema.org\",\"@graph\":[{\"@type\":\"WebPage\",\"@id\":\"https:\\\/\\\/rdo-olr.org\\\/fr\\\/podcasts\\\/episode-5-regarder-laffaire-de-la-cour-supreme-avec-kyle-kirkup-et-vanessa-macdonnell\\\/\",\"url\":\"https:\\\/\\\/rdo-olr.org\\\/fr\\\/podcasts\\\/episode-5-regarder-laffaire-de-la-cour-supreme-avec-kyle-kirkup-et-vanessa-macdonnell\\\/\",\"name\":\"\u00c9pisode 5: \u00c9tude de cas de la Cour supr\u00eame avec Kyle Kirkup et Vanessa Macdonnell - Ottawa Law Review\",\"isPartOf\":{\"@id\":\"https:\\\/\\\/rdo-olr.org\\\/fr\\\/#website\"},\"primaryImageOfPage\":{\"@id\":\"https:\\\/\\\/rdo-olr.org\\\/fr\\\/podcasts\\\/episode-5-regarder-laffaire-de-la-cour-supreme-avec-kyle-kirkup-et-vanessa-macdonnell\\\/#primaryimage\"},\"image\":{\"@id\":\"https:\\\/\\\/rdo-olr.org\\\/fr\\\/podcasts\\\/episode-5-regarder-laffaire-de-la-cour-supreme-avec-kyle-kirkup-et-vanessa-macdonnell\\\/#primaryimage\"},\"thumbnailUrl\":\"https:\\\/\\\/rdo-olr.org\\\/wp-content\\\/uploads\\\/2022\\\/08\\\/podcast-b.png\",\"datePublished\":\"2019-10-28T16:29:05+00:00\",\"dateModified\":\"2024-04-04T21:08:42+00:00\",\"breadcrumb\":{\"@id\":\"https:\\\/\\\/rdo-olr.org\\\/fr\\\/podcasts\\\/episode-5-regarder-laffaire-de-la-cour-supreme-avec-kyle-kirkup-et-vanessa-macdonnell\\\/#breadcrumb\"},\"inLanguage\":\"fr-FR\",\"potentialAction\":[{\"@type\":\"ReadAction\",\"target\":[\"https:\\\/\\\/rdo-olr.org\\\/fr\\\/podcasts\\\/episode-5-regarder-laffaire-de-la-cour-supreme-avec-kyle-kirkup-et-vanessa-macdonnell\\\/\"]}]},{\"@type\":\"ImageObject\",\"inLanguage\":\"fr-FR\",\"@id\":\"https:\\\/\\\/rdo-olr.org\\\/fr\\\/podcasts\\\/episode-5-regarder-laffaire-de-la-cour-supreme-avec-kyle-kirkup-et-vanessa-macdonnell\\\/#primaryimage\",\"url\":\"https:\\\/\\\/rdo-olr.org\\\/wp-content\\\/uploads\\\/2022\\\/08\\\/podcast-b.png\",\"contentUrl\":\"https:\\\/\\\/rdo-olr.org\\\/wp-content\\\/uploads\\\/2022\\\/08\\\/podcast-b.png\",\"width\":403,\"height\":102},{\"@type\":\"BreadcrumbList\",\"@id\":\"https:\\\/\\\/rdo-olr.org\\\/fr\\\/podcasts\\\/episode-5-regarder-laffaire-de-la-cour-supreme-avec-kyle-kirkup-et-vanessa-macdonnell\\\/#breadcrumb\",\"itemListElement\":[{\"@type\":\"ListItem\",\"position\":1,\"name\":\"Home\",\"item\":\"https:\\\/\\\/rdo-olr.org\\\/fr\\\/\"},{\"@type\":\"ListItem\",\"position\":2,\"name\":\"Podcasts\",\"item\":\"https:\\\/\\\/rdo-olr.org\\\/fr\\\/podcasts\\\/\"},{\"@type\":\"ListItem\",\"position\":3,\"name\":\"\u00c9pisode 5: \u00c9tude de cas de la Cour supr\u00eame avec Kyle Kirkup et Vanessa Macdonnell\"}]},{\"@type\":\"WebSite\",\"@id\":\"https:\\\/\\\/rdo-olr.org\\\/fr\\\/#website\",\"url\":\"https:\\\/\\\/rdo-olr.org\\\/fr\\\/\",\"name\":\"Ottawa Law Review\",\"description\":\"Revue De Droit D&#039;ottawa \\\/ Ottawa Law Review\",\"potentialAction\":[{\"@type\":\"SearchAction\",\"target\":{\"@type\":\"EntryPoint\",\"urlTemplate\":\"https:\\\/\\\/rdo-olr.org\\\/fr\\\/?s={search_term_string}\"},\"query-input\":{\"@type\":\"PropertyValueSpecification\",\"valueRequired\":true,\"valueName\":\"search_term_string\"}}],\"inLanguage\":\"fr-FR\"}]}<\/script>\n<!-- \/ Yoast SEO plugin. -->","yoast_head_json":{"title":"\u00c9pisode 5: \u00c9tude de cas de la Cour supr\u00eame avec Kyle Kirkup et Vanessa Macdonnell - Ottawa Law Review","robots":{"index":"index","follow":"follow","max-snippet":"max-snippet:-1","max-image-preview":"max-image-preview:large","max-video-preview":"max-video-preview:-1"},"canonical":"https:\/\/rdo-olr.org\/fr\/podcasts\/episode-5-regarder-laffaire-de-la-cour-supreme-avec-kyle-kirkup-et-vanessa-macdonnell\/","og_locale":"fr_FR","og_type":"article","og_title":"\u00c9pisode 5: \u00c9tude de cas de la Cour supr\u00eame avec Kyle Kirkup et Vanessa Macdonnell - Ottawa Law Review","og_description":"Dans cet \u00e9pisode, un nouveau logo, th\u00e8me musical et une discussion rigoureuse de 5 causes \u00e0 suivre cet automne au Cour supr\u00eame du Canada.  Professeur Kyle Kirkup et Professeure Vanessa MacDonnell nous joignent pour discuter des enjeux juridiques soulev\u00e9s au cours de l\u2019\u00e9v\u00e9nement organis\u00e9 par le Centre de droit public sur les causes entendues par la Cour supr\u00eame du Canada cet automne.","og_url":"https:\/\/rdo-olr.org\/fr\/podcasts\/episode-5-regarder-laffaire-de-la-cour-supreme-avec-kyle-kirkup-et-vanessa-macdonnell\/","og_site_name":"Ottawa Law Review","article_modified_time":"2024-04-04T21:08:42+00:00","og_image":[{"width":403,"height":102,"url":"https:\/\/rdo-olr.org\/wp-content\/uploads\/2022\/08\/podcast-b.png","type":"image\/png"}],"twitter_card":"summary_large_image","twitter_misc":{"Dur\u00e9e de lecture estim\u00e9e":"2 minutes","Written by":"Ottawa Law Review"},"schema":{"@context":"https:\/\/schema.org","@graph":[{"@type":"WebPage","@id":"https:\/\/rdo-olr.org\/fr\/podcasts\/episode-5-regarder-laffaire-de-la-cour-supreme-avec-kyle-kirkup-et-vanessa-macdonnell\/","url":"https:\/\/rdo-olr.org\/fr\/podcasts\/episode-5-regarder-laffaire-de-la-cour-supreme-avec-kyle-kirkup-et-vanessa-macdonnell\/","name":"\u00c9pisode 5: \u00c9tude de cas de la Cour supr\u00eame avec Kyle Kirkup et Vanessa Macdonnell - Ottawa Law Review","isPartOf":{"@id":"https:\/\/rdo-olr.org\/fr\/#website"},"primaryImageOfPage":{"@id":"https:\/\/rdo-olr.org\/fr\/podcasts\/episode-5-regarder-laffaire-de-la-cour-supreme-avec-kyle-kirkup-et-vanessa-macdonnell\/#primaryimage"},"image":{"@id":"https:\/\/rdo-olr.org\/fr\/podcasts\/episode-5-regarder-laffaire-de-la-cour-supreme-avec-kyle-kirkup-et-vanessa-macdonnell\/#primaryimage"},"thumbnailUrl":"https:\/\/rdo-olr.org\/wp-content\/uploads\/2022\/08\/podcast-b.png","datePublished":"2019-10-28T16:29:05+00:00","dateModified":"2024-04-04T21:08:42+00:00","breadcrumb":{"@id":"https:\/\/rdo-olr.org\/fr\/podcasts\/episode-5-regarder-laffaire-de-la-cour-supreme-avec-kyle-kirkup-et-vanessa-macdonnell\/#breadcrumb"},"inLanguage":"fr-FR","potentialAction":[{"@type":"ReadAction","target":["https:\/\/rdo-olr.org\/fr\/podcasts\/episode-5-regarder-laffaire-de-la-cour-supreme-avec-kyle-kirkup-et-vanessa-macdonnell\/"]}]},{"@type":"ImageObject","inLanguage":"fr-FR","@id":"https:\/\/rdo-olr.org\/fr\/podcasts\/episode-5-regarder-laffaire-de-la-cour-supreme-avec-kyle-kirkup-et-vanessa-macdonnell\/#primaryimage","url":"https:\/\/rdo-olr.org\/wp-content\/uploads\/2022\/08\/podcast-b.png","contentUrl":"https:\/\/rdo-olr.org\/wp-content\/uploads\/2022\/08\/podcast-b.png","width":403,"height":102},{"@type":"BreadcrumbList","@id":"https:\/\/rdo-olr.org\/fr\/podcasts\/episode-5-regarder-laffaire-de-la-cour-supreme-avec-kyle-kirkup-et-vanessa-macdonnell\/#breadcrumb","itemListElement":[{"@type":"ListItem","position":1,"name":"Home","item":"https:\/\/rdo-olr.org\/fr\/"},{"@type":"ListItem","position":2,"name":"Podcasts","item":"https:\/\/rdo-olr.org\/fr\/podcasts\/"},{"@type":"ListItem","position":3,"name":"\u00c9pisode 5: \u00c9tude de cas de la Cour supr\u00eame avec Kyle Kirkup et Vanessa Macdonnell"}]},{"@type":"WebSite","@id":"https:\/\/rdo-olr.org\/fr\/#website","url":"https:\/\/rdo-olr.org\/fr\/","name":"Ottawa Law Review","description":"Revue De Droit D&#039;ottawa \/ Ottawa Law Review","potentialAction":[{"@type":"SearchAction","target":{"@type":"EntryPoint","urlTemplate":"https:\/\/rdo-olr.org\/fr\/?s={search_term_string}"},"query-input":{"@type":"PropertyValueSpecification","valueRequired":true,"valueName":"search_term_string"}}],"inLanguage":"fr-FR"}]}},"_links":{"self":[{"href":"https:\/\/rdo-olr.org\/fr\/wp-json\/wp\/v2\/podcasts\/23633","targetHints":{"allow":["GET"]}}],"collection":[{"href":"https:\/\/rdo-olr.org\/fr\/wp-json\/wp\/v2\/podcasts"}],"about":[{"href":"https:\/\/rdo-olr.org\/fr\/wp-json\/wp\/v2\/types\/podcasts"}],"author":[{"embeddable":true,"href":"https:\/\/rdo-olr.org\/fr\/wp-json\/wp\/v2\/users\/1"}],"replies":[{"embeddable":true,"href":"https:\/\/rdo-olr.org\/fr\/wp-json\/wp\/v2\/comments?post=23633"}],"version-history":[{"count":41,"href":"https:\/\/rdo-olr.org\/fr\/wp-json\/wp\/v2\/podcasts\/23633\/revisions"}],"predecessor-version":[{"id":27189,"href":"https:\/\/rdo-olr.org\/fr\/wp-json\/wp\/v2\/podcasts\/23633\/revisions\/27189"}],"wp:featuredmedia":[{"embeddable":true,"href":"https:\/\/rdo-olr.org\/fr\/wp-json\/wp\/v2\/media\/19583"}],"wp:attachment":[{"href":"https:\/\/rdo-olr.org\/fr\/wp-json\/wp\/v2\/media?parent=23633"}],"wp:term":[{"taxonomy":"taxa_podcast","embeddable":true,"href":"https:\/\/rdo-olr.org\/fr\/wp-json\/wp\/v2\/taxa_podcast?post=23633"},{"taxonomy":"series","embeddable":true,"href":"https:\/\/rdo-olr.org\/fr\/wp-json\/wp\/v2\/series?post=23633"},{"taxonomy":"author","embeddable":true,"href":"https:\/\/rdo-olr.org\/fr\/wp-json\/wp\/v2\/coauthors?post=23633"}],"curies":[{"name":"wp","href":"https:\/\/api.w.org\/{rel}","templated":true}]}}