{"id":19134,"date":"2022-08-26T18:19:15","date_gmt":"2022-08-26T18:19:15","guid":{"rendered":"https:\/\/rdo-olr.org\/?page_id=19134"},"modified":"2022-08-26T18:25:03","modified_gmt":"2022-08-26T18:25:03","slug":"le-colloque-de-recherche-etudiante","status":"publish","type":"page","link":"https:\/\/rdo-olr.org\/fr\/le-colloque-de-recherche-etudiante\/","title":{"rendered":"LE COLLOQUE DE RECHERCHE \u00c9TUDIANTE"},"content":{"rendered":"\t\t<div data-elementor-type=\"wp-page\" data-elementor-id=\"19134\" class=\"elementor elementor-19134\" data-elementor-post-type=\"page\">\n\t\t\t\t\t\t<section class=\"elementor-section elementor-top-section elementor-element elementor-element-3d57eb3 dinner-wrap  ptb-85 p-lr elementor-section-boxed elementor-section-height-default elementor-section-height-default\" data-id=\"3d57eb3\" data-element_type=\"section\" data-e-type=\"section\">\n\t\t\t\t\t\t<div class=\"elementor-container elementor-column-gap-default\">\n\t\t\t\t\t<div class=\"elementor-column elementor-col-100 elementor-top-column elementor-element elementor-element-4cd1e46\" data-id=\"4cd1e46\" data-element_type=\"column\" data-e-type=\"column\">\n\t\t\t<div class=\"elementor-widget-wrap elementor-element-populated\">\n\t\t\t\t\t\t<section class=\"elementor-section elementor-inner-section elementor-element elementor-element-43ef4f9 width-717 elementor-section-boxed elementor-section-height-default elementor-section-height-default\" data-id=\"43ef4f9\" data-element_type=\"section\" data-e-type=\"section\">\n\t\t\t\t\t\t<div class=\"elementor-container elementor-column-gap-default\">\n\t\t\t\t\t<div class=\"elementor-column elementor-col-100 elementor-inner-column elementor-element elementor-element-eae08e0\" data-id=\"eae08e0\" data-element_type=\"column\" data-e-type=\"column\">\n\t\t\t<div class=\"elementor-widget-wrap elementor-element-populated\">\n\t\t\t\t\t\t<div class=\"elementor-element elementor-element-9db1540 elementor-widget elementor-widget-heading\" data-id=\"9db1540\" data-element_type=\"widget\" data-e-type=\"widget\" data-widget_type=\"heading.default\">\n\t\t\t\t<div class=\"elementor-widget-container\">\n\t\t\t\t\t<h4 class=\"elementor-heading-title elementor-size-default\">\u00e9v\u00e9nements \/ Le Colloque de recherche<\/h4>\t\t\t\t<\/div>\n\t\t\t\t<\/div>\n\t\t\t\t<div class=\"elementor-element elementor-element-26dfe0e pt-30 elementor-widget elementor-widget-heading\" data-id=\"26dfe0e\" data-element_type=\"widget\" data-e-type=\"widget\" data-widget_type=\"heading.default\">\n\t\t\t\t<div class=\"elementor-widget-container\">\n\t\t\t\t\t<h2 class=\"elementor-heading-title elementor-size-default\">Le colloque de recherche \u00e9tudiante<\/h2>\t\t\t\t<\/div>\n\t\t\t\t<\/div>\n\t\t\t\t<div class=\"elementor-element elementor-element-ec43776 pt-20 elementor-widget elementor-widget-text-editor\" data-id=\"ec43776\" data-element_type=\"widget\" data-e-type=\"widget\" data-widget_type=\"text-editor.default\">\n\t\t\t\t<div class=\"elementor-widget-container\">\n\t\t\t\t\t\t\t\t\t<p>Le Colloque de recherche \u00e9tudiante Emilio Binavince de la Revue de droit d\u2019Ottawa aura lieu les 16 et 17 mars 2022. Il s\u2019agit du premier colloque de recherche \u00e9tudiante en son genre de la RDO. L\u2019objectif est de pr\u00e9senter les travaux de recherche les plus innovants des \u00e9tudiants et des \u00e9tudiantes en droit \u00e0 la facult\u00e9. Les \u00e9tudiants et les \u00e9tudiantes auront l\u2019occasion unique de pr\u00e9senter leur travail dans le cadre d\u2019un des nombreux panels qui seront organis\u00e9s au cours des deux jours de la conf\u00e9rence. Il y aura une p\u00e9riode de questions et r\u00e9ponses au cours de chaque panel. Un comit\u00e9 de s\u00e9lection d\u00e9cernera \u00e0 deux \u00e9tudiants ou \u00e9tudiantes le prix Emilio Binavince pour le meilleur article de recherche en anglais et en fran\u00e7ais (accompagn\u00e9 de prix en argent de 1 000 $ chacun). Le comit\u00e9 de s\u00e9lection d\u00e9cernera aussi \u00e0 deux \u00e9tudiants ou \u00e9tudiantes le titre de meilleur pr\u00e9sentateur en anglais et en fran\u00e7ais (non accompagn\u00e9 de prix en argent).<\/p><p>\u00a0<\/p><p><strong>Le colloque comprendra \u00e9galement un s\u00e9minaire sur la publication universitaire par les gestionnaires des soumissions de la RDO et un discours par l\u2019honorable juge de la Cour f\u00e9d\u00e9rale S\u00e9bastien Grammond.<\/strong>\u00a0Le juge Grammond a \u00e9t\u00e9 nomm\u00e9 \u00e0 la Cour f\u00e9d\u00e9rale le 9 novembre 2017. Auparavant, il a \u00e9t\u00e9 professeur et doyen de la Section de droit civil de l\u2019Universit\u00e9 d\u2019Ottawa. Ses recherches ont port\u00e9 sur la reconnaissance juridique de l\u2019identit\u00e9 autochtone, les syst\u00e8mes juridiques autochtones et la justice contractuelle. Il est l\u2019auteur ou le co-auteur de six livres et de nombreux articles sur le droit des autochtones, le droit constitutionnel et le droit des contrats. Il a plaid\u00e9 plusieurs dossiers majeurs de droit constitutionnel et de droit civil devant la Cour supr\u00eame et de nombreuses affaires devant les tribunaux de premi\u00e8re instance et d\u2019appel.<\/p><p>\u00a0<\/p><p>La participation au Colloque de recherche \u00e9tudiante Emilio Binavince est gratuite. L\u2019\u00e9v\u00e9nement sera en format virtuel.\u00a0<strong>Nous remercions Emilio et Brigitte Binavince, leurs enfants et leurs familles pour leur g\u00e9n\u00e9reux don au Colloque de recherche \u00e9tudiant de la RDO.<\/strong><\/p>\t\t\t\t\t\t\t\t<\/div>\n\t\t\t\t<\/div>\n\t\t\t\t\t<\/div>\n\t\t<\/div>\n\t\t\t\t\t<\/div>\n\t\t<\/section>\n\t\t\t\t\t<\/div>\n\t\t<\/div>\n\t\t\t\t\t<\/div>\n\t\t<\/section>\n\t\t\t\t<section class=\"elementor-section elementor-top-section elementor-element elementor-element-cc60850 elementor-section-boxed elementor-section-height-default elementor-section-height-default\" data-id=\"cc60850\" data-element_type=\"section\" data-e-type=\"section\">\n\t\t\t\t\t\t<div class=\"elementor-container elementor-column-gap-default\">\n\t\t\t\t\t<div class=\"elementor-column elementor-col-100 elementor-top-column elementor-element elementor-element-bce9fdc\" data-id=\"bce9fdc\" data-element_type=\"column\" data-e-type=\"column\">\n\t\t\t<div class=\"elementor-widget-wrap elementor-element-populated\">\n\t\t\t\t\t\t<div class=\"elementor-element elementor-element-f2fbab1 elementor-widget elementor-widget-heading\" data-id=\"f2fbab1\" data-element_type=\"widget\" data-e-type=\"widget\" data-widget_type=\"heading.default\">\n\t\t\t\t<div class=\"elementor-widget-container\">\n\t\t\t\t\t<h3 class=\"elementor-heading-title elementor-size-default\"><a href=\"https:\/\/www.eventbrite.ca\/e\/the-emilio-binavince-student-research-colloquium-colloque-de-recherche-tickets-278080886417\" target=\"_blank\">CLIQUEZ\u00a0ICI\u00a0POUR VOUS INSCRIRE\u00a0(redirection vers Eventbrite)<\/a><\/h3>\t\t\t\t<\/div>\n\t\t\t\t<\/div>\n\t\t\t\t<div class=\"elementor-element elementor-element-abe49a1 elementor-widget elementor-widget-text-editor\" data-id=\"abe49a1\" data-element_type=\"widget\" data-e-type=\"widget\" data-widget_type=\"text-editor.default\">\n\t\t\t\t<div class=\"elementor-widget-container\">\n\t\t\t\t\t\t\t\t\t<p><em>Lorsque vous vous inscrivez au Colloque sur Eventbrite, les d\u00e9tails du programme complet, y compris les horaires et les liens Zoom pour les panels, le discours d\u2019ouverture et le s\u00e9minaire sur la publication, vous seront envoy\u00e9s par courriel.<\/em><\/p>\t\t\t\t\t\t\t\t<\/div>\n\t\t\t\t<\/div>\n\t\t\t\t\t<\/div>\n\t\t<\/div>\n\t\t\t\t\t<\/div>\n\t\t<\/section>\n\t\t\t\t<section class=\"elementor-section elementor-top-section elementor-element elementor-element-3a45847 elementor-section-boxed elementor-section-height-default elementor-section-height-default\" data-id=\"3a45847\" data-element_type=\"section\" data-e-type=\"section\">\n\t\t\t\t\t\t<div class=\"elementor-container elementor-column-gap-default\">\n\t\t\t\t\t<div class=\"elementor-column elementor-col-100 elementor-top-column elementor-element elementor-element-16188ba\" data-id=\"16188ba\" data-element_type=\"column\" data-e-type=\"column\">\n\t\t\t<div class=\"elementor-widget-wrap elementor-element-populated\">\n\t\t\t\t\t\t<div class=\"elementor-element elementor-element-36f7a1a elementor-widget elementor-widget-toggle\" data-id=\"36f7a1a\" data-element_type=\"widget\" data-e-type=\"widget\" data-widget_type=\"toggle.default\">\n\t\t\t\t<div class=\"elementor-widget-container\">\n\t\t\t\t\t\t\t<div class=\"elementor-toggle\">\n\t\t\t\t\t\t\t<div class=\"elementor-toggle-item\">\n\t\t\t\t\t<div id=\"elementor-tab-title-5761\" class=\"elementor-tab-title\" data-tab=\"1\" role=\"button\" aria-controls=\"elementor-tab-content-5761\" aria-expanded=\"false\">\n\t\t\t\t\t\t\t\t\t\t\t\t<span class=\"elementor-toggle-icon elementor-toggle-icon-left\" aria-hidden=\"true\">\n\t\t\t\t\t\t\t\t\t\t\t\t\t\t\t<span class=\"elementor-toggle-icon-closed\"><i class=\"fas fa-caret-right\"><\/i><\/span>\n\t\t\t\t\t\t\t\t<span class=\"elementor-toggle-icon-opened\"><i class=\"elementor-toggle-icon-opened fas fa-caret-up\"><\/i><\/span>\n\t\t\t\t\t\t\t\t\t\t\t\t\t<\/span>\n\t\t\t\t\t\t\t\t\t\t\t\t<a class=\"elementor-toggle-title\" tabindex=\"0\">PROGRAMME DE L\u2019\u00c9V\u00c8NEMENT<\/a>\n\t\t\t\t\t<\/div>\n\n\t\t\t\t\t<div id=\"elementor-tab-content-5761\" class=\"elementor-tab-content elementor-clearfix\" data-tab=\"1\" role=\"region\" aria-labelledby=\"elementor-tab-title-5761\"><p><strong>Justice pour les femmes<\/strong><\/p><p>Islam and International Criminal Law: Revisiting the Rome Statute to Empower Women \u2013 Wafa Khan, 3L (English Common Law)<\/p><p>\u00a0<\/p><p>The \u201cIdeal\u201d Victim and Perpetrator of Sexual Assault: The Role of Myths and Stereotypes in the Criminal Justice System and a Call for Change \u2013 Caitlin Hanak, 3L (English Common Law)<\/p><p>\u00a0<\/p><p>Case Commentary: An Examination of Prominent Canadian Armed Forces Sexual Assault Cases \u2013 Raji Gandhi, 2L (English Common Law)<\/p><p>\u00a0<\/p><p>Loi r\u00e9glementant certaines drogues et autres substances et les femmes enceintes toxicomanes \u2013 Asma Bouali (French Common Law)<\/p><p>\u00a0<\/p><p><strong>V\u00e9rit\u00e9 et r\u00e9conciliation et questions autochtones<\/strong><\/p><p>The GGPPA Reference: A Missed Opportunity for Meaningful Reconciliation \u2013 Priya Dube, 2L (English Common Law)<\/p><p>\u00a0<\/p><p>The Political and Legal Meanings of \u201cReconciliation\u201d: Comparing the Truth and Reconciliation Commission and Supreme Court of Canada\u2019s Interpretations \u2013 Sarah Grieve, 3L (English Common Law)<\/p><p>\u00a0<\/p><p>Les droits culturels autochtones : les lacunes des lois de propri\u00e9t\u00e9 intellectuelle canadiennes et la possibilit\u00e9 d\u2019un nouveau cadre juridique \u2013 Polsia Carrozza, 2L (Programme de droit canadien)<\/p><p>\u00a0<\/p><p>La conciliation entre la libert\u00e9 des mers et la protection des droits des peuples autochtones en mati\u00e8re d\u2019exploitation des ressources maritimes de l\u2019oc\u00e9an Arctique \u2013 Monim Benaissa, uOttawa Law (PhD)<\/p><p>\u00a0<\/p><p><strong>Justice sociale et r\u00e9forme juridique<\/strong><\/p><p>Trimming the Section 15 Sails to Navigate the Headwinds of Formal Equality: A Critical Race Analysis of Ontario\u2019s Safe Streets Act \u2013 Lauren Rogers, 3L (English Common Law)<\/p><p>\u00a0<\/p><p>Beyond Linguistic Binaries: Queering Linguistic Minority Rights \u2013 Cl\u00e9mence Thabet, 2L (French Common Law)<\/p><p>\u00a0<\/p><p>Systemic Remedies at the Canadian Human Rights Tribunal for People Who Use Opioids in Federal Prisons \u2013 Kelley Humber (English Common Law)<\/p><p>\u00a0<\/p><p>Encouraging Affordable Housing Supply in Ontario: Expanding Development Charge Act, 1997 Exemption Provisions \u2013 Giovanni Giuga, 3L (English Common Law)<\/p><p>\u00a0<\/p><p><strong>La pratique du droit et la responsabilit\u00e9 professionnelle<\/strong><\/p><p>Canadian and American Legal Sandboxes: A Comparative Analysis \u2013 Rei Bajraktari, 2L (English Common Law)<\/p><p>\u00a0<\/p><p>The Duty to Avoid Conflicts of Interest in Organizational Practice Settings \u2013 Scarlett Forest, 3L (English Common Law)<\/p><p>\u00a0<\/p><p>Leadership as a Side-Hustle: The Problematic Structure of Law Firm Leadership \u2013 Mona Shadid, 3L (English Common Law)<\/p><p>\u00a0<\/p><p>Entre le marteau et l\u2019enclume : comment les avocats qui travaillent dans des milieux organisationnels hi\u00e9rarchis\u00e9s peuvent-ils continuer \u00e0 respecter leurs obligations d\u00e9ontologiques lorsqu\u2019ils sont t\u00e9moins d\u2019actes ill\u00e9gaux\u2009? \u2013 Sebastien Oudin-Filipecki, 2L (French Common Law\/Canadian-American Dual JD)<\/p><\/div>\n\t\t\t\t<\/div>\n\t\t\t\t\t\t\t<div class=\"elementor-toggle-item\">\n\t\t\t\t\t<div id=\"elementor-tab-title-5762\" class=\"elementor-tab-title\" data-tab=\"2\" role=\"button\" aria-controls=\"elementor-tab-content-5762\" aria-expanded=\"false\">\n\t\t\t\t\t\t\t\t\t\t\t\t<span class=\"elementor-toggle-icon elementor-toggle-icon-left\" aria-hidden=\"true\">\n\t\t\t\t\t\t\t\t\t\t\t\t\t\t\t<span class=\"elementor-toggle-icon-closed\"><i class=\"fas fa-caret-right\"><\/i><\/span>\n\t\t\t\t\t\t\t\t<span class=\"elementor-toggle-icon-opened\"><i class=\"elementor-toggle-icon-opened fas fa-caret-up\"><\/i><\/span>\n\t\t\t\t\t\t\t\t\t\t\t\t\t<\/span>\n\t\t\t\t\t\t\t\t\t\t\t\t<a class=\"elementor-toggle-title\" tabindex=\"0\">BIOGRAPHIE D\u2019EMILIO BINAVINCE<\/a>\n\t\t\t\t\t<\/div>\n\n\t\t\t\t\t<div id=\"elementor-tab-content-5762\" class=\"elementor-tab-content elementor-clearfix\" data-tab=\"2\" role=\"region\" aria-labelledby=\"elementor-tab-title-5762\"><p>Emilio Binavince est n\u00e9 \u00e0 Rosales, aux Philippines, en 1935. Il a obtenu son dipl\u00f4me de LL.B. de l\u2019Universit\u00e9 Manuel L. Quezon \u00e0 Manille en 1957. Emilio a fr\u00e9quent\u00e9 l\u2019Universit\u00e9 Tulane \u00e0 la Nouvelle-Orl\u00e9ans, en Louisiane, en tant que boursier Fulbright, et a obtenu un M.C.L. avant de poursuivre ses \u00e9tudes \u00e0 la Facult\u00e9 de droit de l\u2019Universit\u00e9 Harvard, o\u00f9 il a obtenu un LL.M. Il a \u00e9galement re\u00e7u une bourse de recherche du prestigieux Alexander von Humboldt Stiftung d\u2019Allemagne, ce qui lui a permis de poursuivi des \u00e9tudes doctorales \u00e0 Bonn, en Allemagne. C\u2019est \u00e0 cette \u00e9poque qu\u2019il a rencontr\u00e9 son \u00e9pouse Brigitte, qu\u2019il a engag\u00e9e comme \u00ab traductrice officieuse \u00bb pour son livre sur la n\u00e9gligence, Die vier Momente der Fahrl\u00e4ssigkeitsdelikte, publi\u00e9 en allemand en 1969.<\/p><p>\u00a0<\/p><p>Emilio a rejoint la Facult\u00e9 de droit de l\u2019Universit\u00e9 d\u2019Ottawa en 1965 et a \u00e9t\u00e9 professeur de 1965 \u00e0 1980. Ses int\u00e9r\u00eats acad\u00e9miques comprenaient le droit p\u00e9nal, le droit fiscal, le droit de la concurrence et le droit constitutionnel, et il a publi\u00e9 de nombreux articles dans ces domaines. Il a fond\u00e9 la Revue de droit d\u2019Ottawa, l\u2019une des premi\u00e8res revues de droit canadiennes g\u00e9r\u00e9es par des \u00e9tudiants, et en a \u00e9t\u00e9 le premier professeur-conseil. Il a \u00e9galement \u00e9t\u00e9 le pr\u00e9sident fondateur du programme conjoint MBA\/LLB et codirecteur du programme de 2e et 3e cycle.<\/p><p>\u00a0<\/p><p>Emilio a quitt\u00e9 son poste \u00e0 la Facult\u00e9 de droit en 1986 pour rejoindre le cabinet d\u2019avocats aujourd\u2019hui connu sous le nom de Gowlings WLG. Il a ensuite cr\u00e9\u00e9 son propre cabinet et a poursuivi sa pratique du plaidoyer jusqu\u2019\u00e0 sa retraite en 2006. Il a plaid\u00e9 devant tous les niveaux de tribunaux, y compris la Cour supr\u00eame du Canada, repr\u00e9sentant des gouvernements, des entreprises, des particuliers et des groupes de d\u00e9fense, dont Amnestie Internationale et le Minority Advocacy and Rights Council.<\/p><p>\u00a0<\/p><p>En tant que fier Canadien, Emilio a embrass\u00e9 tout ce qui est canadien, devenant un parent passionn\u00e9 de hockey, un enthousiaste des sports d\u2019hiver et un champion de la tol\u00e9rance et des autres valeurs canadiennes. En tant que leader communautaire, Emilio a particip\u00e9 activement \u00e0 plusieurs organisations, notamment le Conseil ethnoculturel du Canada, le R\u00e9seau sur la Constitution, la Fondation ethnoculturelle canadienne et Parkway House. Il a \u00e9galement \u00e9t\u00e9 nomm\u00e9 \u00e0 la Commission pr\u00e9sidentielle sur le bon gouvernement, une agence du gouvernement philippin cr\u00e9\u00e9e en 1986 par la pr\u00e9sidente de l\u2019\u00e9poque, Corazon Aquino, pour r\u00e9cup\u00e9rer les richesses mal acquises accumul\u00e9es par Ferdinand Marcos, sa famille et ses proches associ\u00e9s, qu\u2019elles se trouvent aux Philippines ou \u00e0 l\u2019\u00e9tranger.<\/p><p>\u00a0<\/p><p>La carri\u00e8re distingu\u00e9e d\u2019Emilio illustre son engagement \u00e0 son \u00e9thique de travail, sa t\u00e9nacit\u00e9 et sa volont\u00e9 d\u2019\u00eatre un pionnier et un d\u00e9fenseur des groupes en qu\u00eate d\u2019\u00e9quit\u00e9. Il a \u00e9t\u00e9 la premi\u00e8re personne d\u2019origine philippine \u00e0 \u00eatre appel\u00e9e aux barreaux de l\u2019Ontario et de la Saskatchewan. Il a remport\u00e9 plusieurs prix, notamment le prix Mabuhay, Filipino exceptionnel au Canada, le prix du Conseil ethnoculturel canadien et le prix pr\u00e9sidentiel des Philippines.<\/p><p>\u00a0<\/p><p>Parmi ses nombreuses r\u00e9alisations, Emilio est particuli\u00e8rement fier de son r\u00f4le dans la fondation de la Revue de droit d\u2019Ottawa. Malgr\u00e9 les nombreux d\u00e9fis qu\u2019ils ont d\u00fb relever, Emilio et ses \u00e9tudiants organisateurs sont rest\u00e9s tenaces et d\u00e9termin\u00e9s \u00e0 \u00e9tablir une revue de droit g\u00e9r\u00e9e par les \u00e9tudiants, qui est rapidement devenue une revue de droit de classe mondiale. Le juge en chef Richard Wagner a d\u00e9crit la Revue de droit d\u2019Ottawa comme un \u00ab joyau d\u2019une institution \u00bb, pour son excellence en mati\u00e8re d\u2019\u00e9tudes juridiques, son engagement envers le bilinguisme et sa promotion de divers points de vue sur des questions juridiques d\u2019actualit\u00e9.<\/p><p>Tout au long de sa carri\u00e8re et depuis sa retraite, Emilio a b\u00e9n\u00e9fici\u00e9 de l\u2019amour et du soutien de sa femme Brigitte et de l\u2019admiration de ses trois enfants, qui ont tous obtenu un dipl\u00f4me de droit et pratiquent le droit aujourd\u2019hui. Il est aussi un joyeux \u00ab Lolo \u00bb pour ses huit petits-enfants.<\/p><\/div>\n\t\t\t\t<\/div>\n\t\t\t\t\t\t\t\t<\/div>\n\t\t\t\t\t\t<\/div>\n\t\t\t\t<\/div>\n\t\t\t\t\t<\/div>\n\t\t<\/div>\n\t\t\t\t\t<\/div>\n\t\t<\/section>\n\t\t\t\t<\/div>\n\t\t","protected":false},"excerpt":{"rendered":"<div class='heateorSssClear'><\/div><div  class='heateor_sss_sharing_container heateor_sss_horizontal_sharing' data-heateor-sss-href='https:\/\/rdo-olr.org\/fr\/le-colloque-de-recherche-etudiante\/'><div class='heateor_sss_sharing_title' style=\"font-weight:bold\" >Partager cet Article<\/div><div class=\"heateor_sss_sharing_ul\"><a aria-label=\"Facebook\" class=\"heateor_sss_facebook\" href=\"https:\/\/www.facebook.com\/sharer\/sharer.php?u=https%3A%2F%2Frdo-olr.org%2Ffr%2Fle-colloque-de-recherche-etudiante%2F\" title=\"Facebook\" rel=\"nofollow noopener\" target=\"_blank\" style=\"font-size:32px!important;box-shadow:none;display:inline-block;vertical-align:middle\"><span class=\"heateor_sss_svg\" style=\"background-color:#0765FE;width:25px;height:25px;border-radius:999px;display:inline-block;opacity:1;float:left;font-size:32px;box-shadow:none;display:inline-block;font-size:16px;padding:0 4px;vertical-align:middle;background-repeat:repeat;overflow:hidden;padding:0;cursor:pointer;box-sizing:content-box\"><svg style=\"display:block;border-radius:999px;\" focusable=\"false\" aria-hidden=\"true\" xmlns=\"http:\/\/www.w3.org\/2000\/svg\" width=\"100%\" height=\"100%\" viewBox=\"0 0 32 32\"><path fill=\"#000\" d=\"M28 16c0-6.627-5.373-12-12-12S4 9.373 4 16c0 5.628 3.875 10.35 9.101 11.647v-7.98h-2.474V16H13.1v-1.58c0-4.085 1.849-5.978 5.859-5.978.76 0 2.072.15 2.608.298v3.325c-.283-.03-.775-.045-1.386-.045-1.967 0-2.728.745-2.728 2.683V16h3.92l-.673 3.667h-3.247v8.245C23.395 27.195 28 22.135 28 16Z\"><\/path><\/svg><\/span><\/a><a aria-label=\"Email\" class=\"heateor_sss_email\" href=\"https:\/\/rdo-olr.org\/fr\/le-colloque-de-recherche-etudiante\/\" onclick=\"event.preventDefault();window.open('mailto:?subject=' + decodeURIComponent('LE%20COLLOQUE%20DE%20RECHERCHE%20%C3%89TUDIANTE').replace('&', '%26') + '&body=https%3A%2F%2Frdo-olr.org%2Ffr%2Fle-colloque-de-recherche-etudiante%2F', '_blank')\" title=\"Email\" rel=\"noopener\" style=\"font-size:32px!important;box-shadow:none;display:inline-block;vertical-align:middle\"><span class=\"heateor_sss_svg\" style=\"background-color:#649a3f;width:25px;height:25px;border-radius:999px;display:inline-block;opacity:1;float:left;font-size:32px;box-shadow:none;display:inline-block;font-size:16px;padding:0 4px;vertical-align:middle;background-repeat:repeat;overflow:hidden;padding:0;cursor:pointer;box-sizing:content-box\"><svg style=\"display:block;border-radius:999px;\" focusable=\"false\" aria-hidden=\"true\" xmlns=\"http:\/\/www.w3.org\/2000\/svg\" width=\"100%\" height=\"100%\" viewBox=\"-.75 -.5 36 36\"><path d=\"M 5.5 11 h 23 v 1 l -11 6 l -11 -6 v -1 m 0 2 l 11 6 l 11 -6 v 11 h -22 v -11\" stroke-width=\"1\" fill=\"#000\"><\/path><\/svg><\/span><\/a><a aria-label=\"Linkedin\" class=\"heateor_sss_button_linkedin\" href=\"https:\/\/www.linkedin.com\/sharing\/share-offsite\/?url=https%3A%2F%2Frdo-olr.org%2Ffr%2Fle-colloque-de-recherche-etudiante%2F\" title=\"Linkedin\" rel=\"nofollow noopener\" target=\"_blank\" style=\"font-size:32px!important;box-shadow:none;display:inline-block;vertical-align:middle\"><span class=\"heateor_sss_svg heateor_sss_s__default heateor_sss_s_linkedin\" style=\"background-color:#0077b5;width:25px;height:25px;border-radius:999px;display:inline-block;opacity:1;float:left;font-size:32px;box-shadow:none;display:inline-block;font-size:16px;padding:0 4px;vertical-align:middle;background-repeat:repeat;overflow:hidden;padding:0;cursor:pointer;box-sizing:content-box\"><svg style=\"display:block;border-radius:999px;\" focusable=\"false\" aria-hidden=\"true\" xmlns=\"http:\/\/www.w3.org\/2000\/svg\" width=\"100%\" height=\"100%\" viewBox=\"0 0 32 32\"><path d=\"M6.227 12.61h4.19v13.48h-4.19V12.61zm2.095-6.7a2.43 2.43 0 0 1 0 4.86c-1.344 0-2.428-1.09-2.428-2.43s1.084-2.43 2.428-2.43m4.72 6.7h4.02v1.84h.058c.56-1.058 1.927-2.176 3.965-2.176 4.238 0 5.02 2.792 5.02 6.42v7.395h-4.183v-6.56c0-1.564-.03-3.574-2.178-3.574-2.18 0-2.514 1.7-2.514 3.46v6.668h-4.187V12.61z\" fill=\"#000\"><\/path><\/svg><\/span><\/a><a aria-label=\"Instagram\" class=\"heateor_sss_button_instagram\" href=\"https:\/\/www.instagram.com\/@ottawalawreview\" title=\"Instagram\" rel=\"nofollow noopener\" target=\"_blank\" style=\"font-size:32px!important;box-shadow:none;display:inline-block;vertical-align:middle\"><span class=\"heateor_sss_svg\" style=\"background-color:#53beee;width:25px;height:25px;border-radius:999px;display:inline-block;opacity:1;float:left;font-size:32px;box-shadow:none;display:inline-block;font-size:16px;padding:0 4px;vertical-align:middle;background-repeat:repeat;overflow:hidden;padding:0;cursor:pointer;box-sizing:content-box\"><svg style=\"display:block;border-radius:999px;\" version=\"1.1\" viewBox=\"-10 -10 148 148\" width=\"100%\" height=\"100%\" xml:space=\"preserve\" xmlns=\"http:\/\/www.w3.org\/2000\/svg\" xmlns:xlink=\"http:\/\/www.w3.org\/1999\/xlink\"><g><g><path d=\"M86,112H42c-14.336,0-26-11.663-26-26V42c0-14.337,11.664-26,26-26h44c14.337,0,26,11.663,26,26v44 C112,100.337,100.337,112,86,112z M42,24c-9.925,0-18,8.074-18,18v44c0,9.925,8.075,18,18,18h44c9.926,0,18-8.075,18-18V42 c0-9.926-8.074-18-18-18H42z\" fill=\"#000\"><\/path><\/g><g><path d=\"M64,88c-13.234,0-24-10.767-24-24c0-13.234,10.766-24,24-24s24,10.766,24,24C88,77.233,77.234,88,64,88z M64,48c-8.822,0-16,7.178-16,16s7.178,16,16,16c8.822,0,16-7.178,16-16S72.822,48,64,48z\" fill=\"#000\"><\/path><\/g><g><circle cx=\"89.5\" cy=\"38.5\" fill=\"#000\" r=\"5.5\"><\/circle><\/g><\/g><\/svg><\/span><\/a><a aria-label=\"Bluesky\" class=\"heateor_sss_button_bluesky\" href=\"https:\/\/bsky.app\/intent\/compose?text=LE%20COLLOQUE%20DE%20RECHERCHE%20%C3%89TUDIANTE%20https%3A%2F%2Frdo-olr.org%2Ffr%2Fle-colloque-de-recherche-etudiante%2F\" title=\"Bluesky\" rel=\"nofollow noopener\" target=\"_blank\" style=\"font-size:32px!important;box-shadow:none;display:inline-block;vertical-align:middle\"><span class=\"heateor_sss_svg heateor_sss_s__default heateor_sss_s_bluesky\" style=\"background-color:#0085ff;width:25px;height:25px;border-radius:999px;display:inline-block;opacity:1;float:left;font-size:32px;box-shadow:none;display:inline-block;font-size:16px;padding:0 4px;vertical-align:middle;background-repeat:repeat;overflow:hidden;padding:0;cursor:pointer;box-sizing:content-box\"><svg width=\"100%\" height=\"100%\" style=\"display:block;border-radius:999px;\" focusable=\"false\" aria-hidden=\"true\" viewBox=\"-3 -3 38 38\" xmlns=\"http:\/\/www.w3.org\/2000\/svg\"><path d=\"M16 14.903c-.996-1.928-3.709-5.521-6.231-7.293C7.353 5.912 6.43 6.206 5.827 6.478 5.127 6.793 5 7.861 5 8.49s.346 5.155.572 5.91c.747 2.496 3.404 3.34 5.851 3.07.125-.02.252-.036.38-.052-.126.02-.253.037-.38.051-3.586.529-6.771 1.83-2.594 6.457 4.595 4.735 6.297-1.015 7.171-3.93.874 2.915 1.88 8.458 7.089 3.93 3.911-3.93 1.074-5.928-2.512-6.457a8.122 8.122 0 0 1-.38-.051c.128.016.255.033.38.051 2.447.271 5.104-.573 5.85-3.069.227-.755.573-5.281.573-5.91 0-.629-.127-1.697-.827-2.012-.604-.271-1.526-.566-3.942 1.132-2.522 1.772-5.235 5.365-6.231 7.293Z\" fill=\"#000\"\/><\/svg><\/span><\/a><\/div><div class=\"heateorSssClear\"><\/div><\/div><div class='heateorSssClear'><\/div>excerpt","protected":false},"author":1,"featured_media":0,"parent":0,"menu_order":34,"comment_status":"closed","ping_status":"closed","template":"","meta":{"_acf_changed":false,"inline_featured_image":false,"episode_type":"","audio_file":"","transcript_file":"","podmotor_file_id":"","podmotor_episode_id":"","cover_image":"","cover_image_id":"","duration":"","filesize":"","filesize_raw":"","date_recorded":"","explicit":"","block":"","iawp_total_views":3,"footnotes":""},"coauthors":[],"class_list":["post-19134","page","type-page","status-publish","hentry"],"acf":[],"a3_pvc":{"activated":true,"total_views":0,"today_views":0},"yoast_head":"<!-- This site is optimized with the Yoast SEO plugin v27.5 - https:\/\/yoast.com\/product\/yoast-seo-wordpress\/ -->\n<title>LE COLLOQUE DE RECHERCHE \u00c9TUDIANTE | Revue de droit d\u2019Ottawa<\/title>\n<meta name=\"robots\" content=\"index, follow, max-snippet:-1, max-image-preview:large, max-video-preview:-1\" \/>\n<link rel=\"canonical\" href=\"https:\/\/rdo-olr.org\/fr\/le-colloque-de-recherche-etudiante\/\" \/>\n<meta property=\"og:locale\" content=\"fr_FR\" \/>\n<meta property=\"og:type\" content=\"article\" \/>\n<meta property=\"og:title\" content=\"LE COLLOQUE DE RECHERCHE \u00c9TUDIANTE | Revue de droit d\u2019Ottawa\" \/>\n<meta property=\"og:description\" content=\"\u00e9v\u00e9nements \/ Le Colloque de recherche Le colloque de recherche \u00e9tudiante Le Colloque de recherche \u00e9tudiante Emilio Binavince de la Revue de droit d\u2019Ottawa aura lieu les 16 et 17 mars 2022. Il s\u2019agit du premier colloque de recherche \u00e9tudiante en son genre de la RDO. L\u2019objectif est de pr\u00e9senter les travaux de recherche les [&hellip;]\" \/>\n<meta property=\"og:url\" content=\"https:\/\/rdo-olr.org\/fr\/le-colloque-de-recherche-etudiante\/\" \/>\n<meta property=\"og:site_name\" content=\"Ottawa Law Review\" \/>\n<meta property=\"article:modified_time\" content=\"2022-08-26T18:25:03+00:00\" \/>\n<meta name=\"twitter:card\" content=\"summary_large_image\" \/>\n<meta name=\"twitter:label1\" content=\"Dur\u00e9e de lecture estim\u00e9e\" \/>\n\t<meta name=\"twitter:data1\" content=\"7 minutes\" \/>\n\t<meta name=\"twitter:label2\" content=\"Written by\" \/>\n\t<meta name=\"twitter:data2\" content=\"Ottawa Law Review\" \/>\n<script type=\"application\/ld+json\" class=\"yoast-schema-graph\">{\"@context\":\"https:\\\/\\\/schema.org\",\"@graph\":[{\"@type\":\"WebPage\",\"@id\":\"https:\\\/\\\/rdo-olr.org\\\/fr\\\/le-colloque-de-recherche-etudiante\\\/\",\"url\":\"https:\\\/\\\/rdo-olr.org\\\/fr\\\/le-colloque-de-recherche-etudiante\\\/\",\"name\":\"LE COLLOQUE DE RECHERCHE \u00c9TUDIANTE | Revue de droit d\u2019Ottawa\",\"isPartOf\":{\"@id\":\"https:\\\/\\\/rdo-olr.org\\\/fr\\\/#website\"},\"datePublished\":\"2022-08-26T18:19:15+00:00\",\"dateModified\":\"2022-08-26T18:25:03+00:00\",\"breadcrumb\":{\"@id\":\"https:\\\/\\\/rdo-olr.org\\\/fr\\\/le-colloque-de-recherche-etudiante\\\/#breadcrumb\"},\"inLanguage\":\"fr-FR\",\"potentialAction\":[{\"@type\":\"ReadAction\",\"target\":[\"https:\\\/\\\/rdo-olr.org\\\/fr\\\/le-colloque-de-recherche-etudiante\\\/\"]}]},{\"@type\":\"BreadcrumbList\",\"@id\":\"https:\\\/\\\/rdo-olr.org\\\/fr\\\/le-colloque-de-recherche-etudiante\\\/#breadcrumb\",\"itemListElement\":[{\"@type\":\"ListItem\",\"position\":1,\"name\":\"Home\",\"item\":\"https:\\\/\\\/rdo-olr.org\\\/fr\\\/\"},{\"@type\":\"ListItem\",\"position\":2,\"name\":\"LE COLLOQUE DE RECHERCHE \u00c9TUDIANTE\"}]},{\"@type\":\"WebSite\",\"@id\":\"https:\\\/\\\/rdo-olr.org\\\/fr\\\/#website\",\"url\":\"https:\\\/\\\/rdo-olr.org\\\/fr\\\/\",\"name\":\"Ottawa Law Review\",\"description\":\"Revue De Droit D&#039;ottawa \\\/ Ottawa Law Review\",\"potentialAction\":[{\"@type\":\"SearchAction\",\"target\":{\"@type\":\"EntryPoint\",\"urlTemplate\":\"https:\\\/\\\/rdo-olr.org\\\/fr\\\/?s={search_term_string}\"},\"query-input\":{\"@type\":\"PropertyValueSpecification\",\"valueRequired\":true,\"valueName\":\"search_term_string\"}}],\"inLanguage\":\"fr-FR\"}]}<\/script>\n<!-- \/ Yoast SEO plugin. -->","yoast_head_json":{"title":"LE COLLOQUE DE RECHERCHE \u00c9TUDIANTE | Revue de droit d\u2019Ottawa","robots":{"index":"index","follow":"follow","max-snippet":"max-snippet:-1","max-image-preview":"max-image-preview:large","max-video-preview":"max-video-preview:-1"},"canonical":"https:\/\/rdo-olr.org\/fr\/le-colloque-de-recherche-etudiante\/","og_locale":"fr_FR","og_type":"article","og_title":"LE COLLOQUE DE RECHERCHE \u00c9TUDIANTE | Revue de droit d\u2019Ottawa","og_description":"\u00e9v\u00e9nements \/ Le Colloque de recherche Le colloque de recherche \u00e9tudiante Le Colloque de recherche \u00e9tudiante Emilio Binavince de la Revue de droit d\u2019Ottawa aura lieu les 16 et 17 mars 2022. Il s\u2019agit du premier colloque de recherche \u00e9tudiante en son genre de la RDO. L\u2019objectif est de pr\u00e9senter les travaux de recherche les [&hellip;]","og_url":"https:\/\/rdo-olr.org\/fr\/le-colloque-de-recherche-etudiante\/","og_site_name":"Ottawa Law Review","article_modified_time":"2022-08-26T18:25:03+00:00","twitter_card":"summary_large_image","twitter_misc":{"Dur\u00e9e de lecture estim\u00e9e":"7 minutes","Written by":"Ottawa Law Review"},"schema":{"@context":"https:\/\/schema.org","@graph":[{"@type":"WebPage","@id":"https:\/\/rdo-olr.org\/fr\/le-colloque-de-recherche-etudiante\/","url":"https:\/\/rdo-olr.org\/fr\/le-colloque-de-recherche-etudiante\/","name":"LE COLLOQUE DE RECHERCHE \u00c9TUDIANTE | Revue de droit d\u2019Ottawa","isPartOf":{"@id":"https:\/\/rdo-olr.org\/fr\/#website"},"datePublished":"2022-08-26T18:19:15+00:00","dateModified":"2022-08-26T18:25:03+00:00","breadcrumb":{"@id":"https:\/\/rdo-olr.org\/fr\/le-colloque-de-recherche-etudiante\/#breadcrumb"},"inLanguage":"fr-FR","potentialAction":[{"@type":"ReadAction","target":["https:\/\/rdo-olr.org\/fr\/le-colloque-de-recherche-etudiante\/"]}]},{"@type":"BreadcrumbList","@id":"https:\/\/rdo-olr.org\/fr\/le-colloque-de-recherche-etudiante\/#breadcrumb","itemListElement":[{"@type":"ListItem","position":1,"name":"Home","item":"https:\/\/rdo-olr.org\/fr\/"},{"@type":"ListItem","position":2,"name":"LE COLLOQUE DE RECHERCHE \u00c9TUDIANTE"}]},{"@type":"WebSite","@id":"https:\/\/rdo-olr.org\/fr\/#website","url":"https:\/\/rdo-olr.org\/fr\/","name":"Ottawa Law Review","description":"Revue De Droit D&#039;ottawa \/ Ottawa Law Review","potentialAction":[{"@type":"SearchAction","target":{"@type":"EntryPoint","urlTemplate":"https:\/\/rdo-olr.org\/fr\/?s={search_term_string}"},"query-input":{"@type":"PropertyValueSpecification","valueRequired":true,"valueName":"search_term_string"}}],"inLanguage":"fr-FR"}]}},"_links":{"self":[{"href":"https:\/\/rdo-olr.org\/fr\/wp-json\/wp\/v2\/pages\/19134","targetHints":{"allow":["GET"]}}],"collection":[{"href":"https:\/\/rdo-olr.org\/fr\/wp-json\/wp\/v2\/pages"}],"about":[{"href":"https:\/\/rdo-olr.org\/fr\/wp-json\/wp\/v2\/types\/page"}],"author":[{"embeddable":true,"href":"https:\/\/rdo-olr.org\/fr\/wp-json\/wp\/v2\/users\/1"}],"replies":[{"embeddable":true,"href":"https:\/\/rdo-olr.org\/fr\/wp-json\/wp\/v2\/comments?post=19134"}],"version-history":[{"count":1,"href":"https:\/\/rdo-olr.org\/fr\/wp-json\/wp\/v2\/pages\/19134\/revisions"}],"predecessor-version":[{"id":23882,"href":"https:\/\/rdo-olr.org\/fr\/wp-json\/wp\/v2\/pages\/19134\/revisions\/23882"}],"wp:attachment":[{"href":"https:\/\/rdo-olr.org\/fr\/wp-json\/wp\/v2\/media?parent=19134"}],"wp:term":[{"taxonomy":"author","embeddable":true,"href":"https:\/\/rdo-olr.org\/fr\/wp-json\/wp\/v2\/coauthors?post=19134"}],"curies":[{"name":"wp","href":"https:\/\/api.w.org\/{rel}","templated":true}]}}